{"id":3651,"date":"2020-11-12T11:39:31","date_gmt":"2020-11-12T11:39:31","guid":{"rendered":"https:\/\/www.icomos.ch\/hotelrestaurant\/bella-lui\/"},"modified":"2024-09-28T17:10:33","modified_gmt":"2024-09-28T17:10:33","slug":"bella-lui","status":"publish","type":"hotelrestaurant","link":"https:\/\/www.icomos.ch\/fr\/hotelrestaurant\/bella-lui\/","title":{"rendered":"Bella Lui"},"content":{"rendered":"\n<p>L\u2019H\u00f4tel Bella Lui jouit d\u2019une belle situation dominant le lac de Grenon. La clart\u00e9 du parti architectural, la volum\u00e9trie du b\u00e2timent, l\u2019organisation du plan l\u2019inscrivent dans le mouvement moderne. Construit de 1928 \u00e0 1930 comme sanatorium de luxe par les architectes Rudolf et Flora Steiger-Crawford de Zurich, Bella Lui se reconvertit en un h\u00f4tel de sport de 1938 pour fermer en 1941. Une organisation d\u2019aide y accueille alors des r\u00e9fugi\u00e9s juifs. En 1949, le pasteur Schenkel ach\u00e8te l\u2019immeuble et fonde l\u2019association pour la Bella Lui, centre de convalescence puis d\u00e8s 1965 maison de cure et de vacances. Apr\u00e8s deux \u00e9tapes de r\u00e9novation, il est reconnu comme h\u00f4tel 3-\u00e9toiles en 1996. 2002, la fa\u00e7ade sud est restaur\u00e9e avec l\u2019aide des Monuments historiques et de la Conf\u00e9d\u00e9ration.<br>En 1929 Flora Steiger-Crawford fut mandat\u00e9e pour la conception du mobilier du Sanatorium de Crans-Montana. Elle con\u00e7ut une nouvelle typologie pour le mobilier des espaces communs et accorda une attention particuli\u00e8re aux chambres des patients. C\u2019est pour le Bella Lui qu\u2019elle cr\u00e9e les meubles en bois gris-vert au vernis noir: armoire \u00e0 deux portes, table de chevet et bureau \u00e0 rouleau. L\u2019architecte s\u2019est attach\u00e9e \u00e0 traduire de fa\u00e7on minimaliste et lin\u00e9aire sa recherche de la fonctionnalit\u00e9. Depuis 2010 une chambre t\u00e9moin \u00abBella Lui 1930\u00bb est \u00e0 la disposition des h\u00f4tes et offre l\u2019opportunit\u00e9 de s\u2019immerger dans l\u2019ambiance d\u2019origine.<\/p>\n","protected":false},"excerpt":{"rendered":"<p>Mentionn\u00e9 pour la r\u00e9habilitation et la conservation de nombreux \u00e9l\u00e9ments d\u2019origine qui en font un t\u00e9moin authentique du mouvement moderne et pour la conservation et la r\u00e9habilitation d\u2019une partie du mobilier originel des chambres, con\u00e7u dans l\u2019esprit du mouvement moderne par Flora Steiger-Crawford (1899\u20131991), premi\u00e8re femme dipl\u00f4m\u00e9e d\u2019architecture en Suisse.\u00bb<\/p>\n","protected":false},"author":3,"featured_media":3846,"template":"","meta":[],"class_list":["post-3651","hotelrestaurant","type-hotelrestaurant","status-publish","has-post-thumbnail","hentry"],"_links":{"self":[{"href":"https:\/\/www.icomos.ch\/fr\/wp-json\/wp\/v2\/hotelrestaurant\/3651","targetHints":{"allow":["GET"]}}],"collection":[{"href":"https:\/\/www.icomos.ch\/fr\/wp-json\/wp\/v2\/hotelrestaurant"}],"about":[{"href":"https:\/\/www.icomos.ch\/fr\/wp-json\/wp\/v2\/types\/hotelrestaurant"}],"author":[{"embeddable":true,"href":"https:\/\/www.icomos.ch\/fr\/wp-json\/wp\/v2\/users\/3"}],"wp:featuredmedia":[{"embeddable":true,"href":"https:\/\/www.icomos.ch\/fr\/wp-json\/wp\/v2\/media\/3846"}],"wp:attachment":[{"href":"https:\/\/www.icomos.ch\/fr\/wp-json\/wp\/v2\/media?parent=3651"}],"curies":[{"name":"wp","href":"https:\/\/api.w.org\/{rel}","templated":true}]}}