{"id":893,"date":"2016-04-09T20:27:03","date_gmt":"2016-04-09T20:27:03","guid":{"rendered":"https:\/\/www.icomos.ch\/fr\/organisation\/was-wir-tun\/publications\/"},"modified":"2025-09-14T21:07:54","modified_gmt":"2025-09-14T21:07:54","slug":"publications","status":"publish","type":"page","link":"https:\/\/www.icomos.ch\/fr\/publications\/","title":{"rendered":"Publications"},"content":{"rendered":"\n<div class=\"wp-block-query is-layout-flow wp-block-query-is-layout-flow\"><ul class=\"columns-3 wp-block-post-template is-layout-grid wp-container-core-post-template-is-layout-6d3fbd8f wp-block-post-template-is-layout-grid\"><li class=\"wp-block-post post-10072 post type-post status-publish format-standard has-post-thumbnail hentry category-actuel category-autres-publications-plus-anciennes category-publications-dicomos\">\n\n<div class=\"wp-block-group is-layout-flow wp-block-group-is-layout-flow\" style=\"padding-top:30px;padding-right:30px;padding-bottom:30px;padding-left:30px\"><h3 class=\"wp-block-post-title\"><a href=\"https:\/\/www.icomos.ch\/fr\/international-cultural-heritage-tourism-charter-2022\/\" target=\"_self\" >International Cultural Heritage Tourism Charter (2022)<\/a><\/h3><\/div>\n\n<\/li><li class=\"wp-block-post post-9630 post type-post status-publish format-standard has-post-thumbnail hentry category-autres-publications-plus-anciennes category-publications-dicomos\">\n\n<div class=\"wp-block-group is-layout-flow wp-block-group-is-layout-flow\" style=\"padding-top:30px;padding-right:30px;padding-bottom:30px;padding-left:30px\"><h3 class=\"wp-block-post-title\"><a href=\"https:\/\/www.icomos.ch\/fr\/heritage-at-risk-patrimoine-en-peril-patrimonio-en-peligro\/\" target=\"_self\" >Heritage at Risk. Patrimoine en P\u00e9ril. Patrimonio en Peligro.<\/a><\/h3><\/div>\n\n<\/li><li class=\"wp-block-post post-9629 post type-post status-publish format-standard hentry category-publications-dicomos category-publications-en-tant-que-co-editeur\">\n\n<div class=\"wp-block-group is-layout-flow wp-block-group-is-layout-flow\" style=\"padding-top:30px;padding-right:30px;padding-bottom:30px;padding-left:30px\"><h3 class=\"wp-block-post-title\"><a href=\"https:\/\/www.icomos.ch\/fr\/weltkulturguter-warum-wieviel-wozu-quel-patrimoine-culturel-mondial-pour-qui-et-comment\/\" target=\"_self\" >Weltkulturg\u00fcter. Warum? Wieviel? Wozu? Quel patrimoine culturel mondial. Pour qui et comment?<\/a><\/h3><\/div>\n\n<\/li><li class=\"wp-block-post post-9628 post type-post status-publish format-standard hentry category-publications-dicomos category-publications-des-groupes-de-travail-de-licomos\">\n\n<div class=\"wp-block-group is-layout-flow wp-block-group-is-layout-flow\" style=\"padding-top:30px;padding-right:30px;padding-bottom:30px;padding-left:30px\"><h3 class=\"wp-block-post-title\"><a href=\"https:\/\/www.icomos.ch\/fr\/basler-mobelkunst-von-1450-bis-1950\/\" target=\"_self\" >Basler M\u00f6belkunst von 1450 bis 1950.<\/a><\/h3><\/div>\n\n<\/li><li class=\"wp-block-post post-9626 post type-post status-publish format-standard has-post-thumbnail hentry category-publications-dicomos category-publications-des-groupes-de-travail-de-licomos\">\n\n<div class=\"wp-block-group is-layout-flow wp-block-group-is-layout-flow\" style=\"padding-top:30px;padding-right:30px;padding-bottom:30px;padding-left:30px\"><h3 class=\"wp-block-post-title\"><a href=\"https:\/\/www.icomos.ch\/fr\/historische-hotels-und-restaurants-in-der-schweiz\/\" target=\"_self\" >Historische Hotels und Restaurants in der Schweiz<\/a><\/h3><\/div>\n\n<\/li><li class=\"wp-block-post post-9625 post type-post status-publish format-standard hentry category-publications-dicomos category-publications-en-tant-que-co-editeur\">\n\n<div class=\"wp-block-group is-layout-flow wp-block-group-is-layout-flow\" style=\"padding-top:30px;padding-right:30px;padding-bottom:30px;padding-left:30px\"><h3 class=\"wp-block-post-title\"><a href=\"https:\/\/www.icomos.ch\/fr\/netzwerk-kulturlandschaft-auch-eine-aufgabe-fur-archaologie-und-denkmalpflege\/\" target=\"_self\" >Netzwerk Kulturlandschaft. Auch eine Aufgabe f\u00fcr Arch\u00e4ologie und Denkmalpflege<\/a><\/h3><\/div>\n\n<\/li><li class=\"wp-block-post post-9624 post type-post status-publish format-standard has-post-thumbnail hentry category-monumenta category-publications-dicomos\">\n\n<div class=\"wp-block-group is-layout-flow wp-block-group-is-layout-flow\" style=\"padding-top:30px;padding-right:30px;padding-bottom:30px;padding-left:30px\"><h3 class=\"wp-block-post-title\"><a href=\"https:\/\/www.icomos.ch\/fr\/monumenta-i-internationale-grundsatze-und-richtlinien-der-denkmalpflege\/\" target=\"_self\" >Monumenta I: Internationale Grunds\u00e4tze und Richtlinien der Denkmalpflege<\/a><\/h3><\/div>\n\n<\/li><li class=\"wp-block-post post-9623 post type-post status-publish format-standard hentry category-publications-dicomos category-publications-en-tant-que-co-editeur\">\n\n<div class=\"wp-block-group is-layout-flow wp-block-group-is-layout-flow\" style=\"padding-top:30px;padding-right:30px;padding-bottom:30px;padding-left:30px\"><h3 class=\"wp-block-post-title\"><a href=\"https:\/\/www.icomos.ch\/fr\/kulturgut-in-bewegung-uber-ortsgebundenheit-und-ortswechsel\/\" target=\"_self\" >Kulturgut in Bewegung \u2013 \u00dcber Ortsgebundenheit und Ortswechsel<\/a><\/h3><\/div>\n\n<\/li><li class=\"wp-block-post post-9622 post type-post status-publish format-standard hentry category-publications-dicomos category-publications-des-groupes-de-travail-de-licomos\">\n\n<div class=\"wp-block-group is-layout-flow wp-block-group-is-layout-flow\" style=\"padding-top:30px;padding-right:30px;padding-bottom:30px;padding-left:30px\"><h3 class=\"wp-block-post-title\"><a href=\"https:\/\/www.icomos.ch\/fr\/gartenwege-der-schweiz-bd-1-landschaftsgarten-des-19-jahrhunderts-in-basel-und-umgebung\/\" target=\"_self\" >Gartenwege der Schweiz, Bd. 1: Landschaftsg\u00e4rten des 19. Jahrhunderts in Basel und Umgebung<\/a><\/h3><\/div>\n\n<\/li><li class=\"wp-block-post post-9621 post type-post status-publish format-standard hentry category-publications-dicomos category-publications-des-groupes-de-travail-de-licomos\">\n\n<div class=\"wp-block-group is-layout-flow wp-block-group-is-layout-flow\" style=\"padding-top:30px;padding-right:30px;padding-bottom:30px;padding-left:30px\"><h3 class=\"wp-block-post-title\"><a href=\"https:\/\/www.icomos.ch\/fr\/gartenwege-der-schweiz-bd-2-siedlungsgarten-des-20-jahrhunderts-in-basel-und-umgebung\/\" target=\"_self\" >Gartenwege der Schweiz, Bd. 2: Siedlungsg\u00e4rten des 20. Jahrhunderts in Basel und Umgebung<\/a><\/h3><\/div>\n\n<\/li><li class=\"wp-block-post post-9618 post type-post status-publish format-standard has-post-thumbnail hentry category-publications-dicomos category-publications-en-tant-que-co-editeur\">\n\n<div class=\"wp-block-group is-layout-flow wp-block-group-is-layout-flow\" style=\"padding-top:30px;padding-right:30px;padding-bottom:30px;padding-left:30px\"><h3 class=\"wp-block-post-title\"><a href=\"https:\/\/www.icomos.ch\/fr\/leitfaden-fur-behorden-und-fachleute-gartendenkmaler-in-der-planung\/\" target=\"_self\" >Leitfaden f\u00fcr Beh\u00f6rden und Fachleute &#8211; Gartendenkm\u00e4ler in der Planung<\/a><\/h3><\/div>\n\n<\/li><li class=\"wp-block-post post-9616 post type-post status-publish format-standard hentry category-publications-dicomos\">\n\n<div class=\"wp-block-group is-layout-flow wp-block-group-is-layout-flow\" style=\"padding-top:30px;padding-right:30px;padding-bottom:30px;padding-left:30px\"><h3 class=\"wp-block-post-title\"><a href=\"https:\/\/www.icomos.ch\/fr\/gartenwege-der-schweiz-bd-3-bauerngarten-zwischen-santis-und-bodensee\/\" target=\"_self\" >Gartenwege der Schweiz, Bd. 3: Bauerng\u00e4rten zwischen S\u00e4ntis und Bodensee.<\/a><\/h3><\/div>\n\n<\/li><li class=\"wp-block-post post-9615 post type-post status-publish format-standard hentry category-publications-dicomos\">\n\n<div class=\"wp-block-group is-layout-flow wp-block-group-is-layout-flow\" style=\"padding-top:30px;padding-right:30px;padding-bottom:30px;padding-left:30px\"><h3 class=\"wp-block-post-title\"><a href=\"https:\/\/www.icomos.ch\/fr\/was-kommt-was-bleibt-quel-avenir-quel-patrimoine-quale-futuro-quale-patrimonio\/\" target=\"_self\" >Was kommt? Was bleibt? Quel avenir? Quel patrimoine? Quale futuro? Quale patrimonio?<\/a><\/h3><\/div>\n\n<\/li><li class=\"wp-block-post post-9614 post type-post status-publish format-standard has-post-thumbnail hentry category-monumenta category-publications-dicomos\">\n\n<div class=\"wp-block-group is-layout-flow wp-block-group-is-layout-flow\" style=\"padding-top:30px;padding-right:30px;padding-bottom:30px;padding-left:30px\"><h3 class=\"wp-block-post-title\"><a href=\"https:\/\/www.icomos.ch\/fr\/monumenta-iii-eine-zukunft-fur-unsere-vergangenheit-zum-40-jubilaum-des-europaischen-denkmalschutzjahres-1975-2015\/\" target=\"_self\" >Monumenta III: Eine Zukunft f\u00fcr unsere Vergangenheit. Zum 40. Jubil\u00e4um des Europ\u00e4ischen Denkmalschutzjahres (1975\u20132015).<\/a><\/h3><\/div>\n\n<\/li><li class=\"wp-block-post post-9612 post type-post status-publish format-standard has-post-thumbnail hentry category-autres-publications-plus-anciennes category-publications-dicomos\">\n\n<div class=\"wp-block-group is-layout-flow wp-block-group-is-layout-flow\" style=\"padding-top:30px;padding-right:30px;padding-bottom:30px;padding-left:30px\"><h3 class=\"wp-block-post-title\"><a href=\"https:\/\/www.icomos.ch\/fr\/licomos-publie-une-revision-de-ses-principes-de-qualite-pour-les-interventions-financees-par-lue-ayant-un-impact-potentiel-sur-le-patrimoine-culturel\/\" target=\"_self\" >L&#8217;ICOMOS publie une r\u00e9vision de ses principes de Qualit\u00e9 pour les interventions financ\u00e9es par l&#8217;UE ayant un impact potentiel sur le patrimoine culturel<\/a><\/h3><\/div>\n\n<\/li><\/ul>\n\n<\/div>\n\n\n\n<h2 class=\"wp-block-heading\">Autres \/ publications plus anciennes<\/h2>\n\n\n<ul class=\"wp-block-latest-posts__list is-grid columns-3 post-list-small wp-block-latest-posts\"><li><a class=\"wp-block-latest-posts__post-title\" href=\"https:\/\/www.icomos.ch\/fr\/international-cultural-heritage-tourism-charter-2022\/\">International Cultural Heritage Tourism Charter (2022)<\/a><div class=\"wp-block-latest-posts__post-full-content\"><!-- wp:paragraph -->\n<p>Renforcer la protection du patrimoine culturel et la r\u00e9silience des communaut\u00e9s gr\u00e2ce \u00e0 une gestion responsable et durable du tourisme. Adopt\u00e9e lors de l&#8217;assembl\u00e9e g\u00e9n\u00e9rale annuelle de l&#8217;ICOMOS (Bangkok, Tha\u00eflande) en novembre 2022. La charte est disponible dans les langues suivantes :<\/p>\n<!-- \/wp:paragraph -->\n\n<!-- wp:paragraph -->\n<p><a href=\"https:\/\/www.icomosictc.org\/p\/2022-icomos-international-cultural.html\">English\u00a0|\u00a0French\u00a0|\u00a0Spanish\u00a0|\u00a0Arabic\u00a0|\u00a0Chinese\u00a0|\u00a0Danish\u00a0|\u00a0German\u00a0|\u00a0Hebrew\u00a0|\u00a0Italian\u00a0|\u00a0Slovenian<\/a><\/p>\n<!-- \/wp:paragraph -->\n\n<!-- wp:paragraph -->\n<p>La version allemande a \u00e9t\u00e9 publi\u00e9e en 2025.<\/p>\n<!-- \/wp:paragraph --><\/div><\/li>\n<li><a class=\"wp-block-latest-posts__post-title\" href=\"https:\/\/www.icomos.ch\/fr\/heritage-at-risk-patrimoine-en-peril-patrimonio-en-peligro\/\">Heritage at Risk. Patrimoine en P\u00e9ril. Patrimonio en Peligro.<\/a><div class=\"wp-block-latest-posts__post-full-content\"><!-- wp:paragraph -->\n<p>ICOMOS world report 2000 on monuments and sites in danger. ICOMOS rapport mondial 2000 sur des monuments et des sites en p\u00e9ril. ICOMOS informe mundial 2000 sobre monumentos y sitios en peligro, Dinu Bumbaru, Sheridan Burke, Michael Petzet, Marilyn Truscott, John Ziesemer (Hrsg.), M\u00fcnchen 2000.<\/p>\n<!-- \/wp:paragraph --><\/div><\/li>\n<li><a class=\"wp-block-latest-posts__post-title\" href=\"https:\/\/www.icomos.ch\/fr\/das-marburger-bausystem-offenheit-als-prinzip\/\">Das Marburger Bausystem. Offenheit als Prinzip<\/a><div class=\"wp-block-latest-posts__post-full-content\"><!-- wp:paragraph -->\n<p>Hrsg. v. Silke Langenberg, Sulgen: Niggli Verlag, 2013.<\/p>\n<!-- \/wp:paragraph --><\/div><\/li>\n<li><a class=\"wp-block-latest-posts__post-title\" href=\"https:\/\/www.icomos.ch\/fr\/monumenta-ii-conservation-of-monuments-and-sites-international-principles-in-theory-and-practice-denkmalpflege-internationale-grundsatze-in-theorie-und-praxis\/\">MONUMENTA II: Conservation of Monuments and Sites &#8211; International Principles in Theory and Practice. Denkmalpflege &#8211; Internationale Grunds\u00e4tze in Theorie und Praxis.<\/a><div class=\"wp-block-latest-posts__post-full-content\"><!-- wp:paragraph -->\n<p>Michael Petzet. Hrsg.: ICOMOS Deutschland, ICOMOS Luxemburg, ICOMOS \u00d6sterreich, ICOMOS Schweiz. Berlin: B\u00e4ssler, 2013.<br>Download <a href=\"https:\/\/www.icomos.ch\/fileadmin\/downloads\/organisation\/publications\/monumenta2.pdf\" target=\"_blank\" rel=\"noopener noreferrer\">PDF<\/a>.<\/p>\n<!-- \/wp:paragraph --><\/div><\/li>\n<li><a class=\"wp-block-latest-posts__post-title\" href=\"https:\/\/www.icomos.ch\/fr\/licomos-publie-une-revision-de-ses-principes-de-qualite-pour-les-interventions-financees-par-lue-ayant-un-impact-potentiel-sur-le-patrimoine-culturel\/\">L&#8217;ICOMOS publie une r\u00e9vision de ses principes de Qualit\u00e9 pour les interventions financ\u00e9es par l&#8217;UE ayant un impact potentiel sur le patrimoine culturel<\/a><div class=\"wp-block-latest-posts__post-full-content\"><!-- wp:paragraph -->\n<p><span lang=\"fr\">Vous trouverez des informations d\u00e9taill\u00e9es\u00a0<a href=\"https:\/\/www.icomos.ch\/wp-content\/uploads\/2016\/04\/Communique\u0301_QPs_EN_FR.pdf\" target=\"_blank\" rel=\"noopener noreferrer\">ici<\/a><\/span><\/p>\n<!-- \/wp:paragraph -->\n\n<!-- wp:paragraph -->\n<p><\/p>\n<!-- \/wp:paragraph --><\/div><\/li>\n<\/ul>","protected":false},"excerpt":{"rendered":"<p>Publications<\/p>\n","protected":false},"author":1,"featured_media":4228,"parent":0,"menu_order":5,"comment_status":"closed","ping_status":"closed","template":"","meta":{"footnotes":""},"class_list":["post-893","page","type-page","status-publish","has-post-thumbnail","hentry"],"_links":{"self":[{"href":"https:\/\/www.icomos.ch\/fr\/wp-json\/wp\/v2\/pages\/893","targetHints":{"allow":["GET"]}}],"collection":[{"href":"https:\/\/www.icomos.ch\/fr\/wp-json\/wp\/v2\/pages"}],"about":[{"href":"https:\/\/www.icomos.ch\/fr\/wp-json\/wp\/v2\/types\/page"}],"author":[{"embeddable":true,"href":"https:\/\/www.icomos.ch\/fr\/wp-json\/wp\/v2\/users\/1"}],"replies":[{"embeddable":true,"href":"https:\/\/www.icomos.ch\/fr\/wp-json\/wp\/v2\/comments?post=893"}],"version-history":[{"count":9,"href":"https:\/\/www.icomos.ch\/fr\/wp-json\/wp\/v2\/pages\/893\/revisions"}],"predecessor-version":[{"id":9660,"href":"https:\/\/www.icomos.ch\/fr\/wp-json\/wp\/v2\/pages\/893\/revisions\/9660"}],"wp:featuredmedia":[{"embeddable":true,"href":"https:\/\/www.icomos.ch\/fr\/wp-json\/wp\/v2\/media\/4228"}],"wp:attachment":[{"href":"https:\/\/www.icomos.ch\/fr\/wp-json\/wp\/v2\/media?parent=893"}],"curies":[{"name":"wp","href":"https:\/\/api.w.org\/{rel}","templated":true}]}}